{"id":28,"date":"2025-01-22T08:08:17","date_gmt":"2025-01-22T08:08:17","guid":{"rendered":"http:\/\/wieruszowfilia.bpsieradz.pl\/?page_id=28"},"modified":"2026-01-07T10:09:27","modified_gmt":"2026-01-07T10:09:27","slug":"28-2","status":"publish","type":"page","link":"https:\/\/filiawieruszow.bpsieradz.pl\/","title":{"rendered":"BP Sieradz Filia Wierusz\u00f3w"},"content":{"rendered":"\t\t<div data-elementor-type=\"wp-page\" data-elementor-id=\"28\" class=\"elementor elementor-28\">\n\t\t\t\t<div class=\"elementor-element elementor-element-4722e7db e-flex e-con-boxed e-con e-parent\" data-id=\"4722e7db\" data-element_type=\"container\" data-e-type=\"container\">\n\t\t\t\t\t<div class=\"e-con-inner\">\n\t\t\t\t<div class=\"elementor-element elementor-element-9316c2d elementor-widget elementor-widget-text-editor\" data-id=\"9316c2d\" data-element_type=\"widget\" data-e-type=\"widget\" data-widget_type=\"text-editor.default\">\n\t\t\t\t<div class=\"elementor-widget-container\">\n\t\t\t\t\t\t\t\t\t\n<p class=\"wp-block-paragraph\">\u00a0<\/p>\n\t\t\t\t\t\t\t\t<\/div>\n\t\t\t\t<\/div>\n\t\t\t\t\t<\/div>\n\t\t\t\t<\/div>\n\t\t<div class=\"elementor-element elementor-element-df67d8e e-flex e-con-boxed e-con e-parent\" data-id=\"df67d8e\" data-element_type=\"container\" data-e-type=\"container\">\n\t\t\t\t\t<div class=\"e-con-inner\">\n\t\t<div class=\"elementor-element elementor-element-1a3e9a4 e-con-full e-flex e-con e-child\" data-id=\"1a3e9a4\" data-element_type=\"container\" data-e-type=\"container\">\n\t\t\t\t<div class=\"elementor-element elementor-element-9714926 elementor-widget elementor-widget-image\" data-id=\"9714926\" data-element_type=\"widget\" data-e-type=\"widget\" data-widget_type=\"image.default\">\n\t\t\t\t<div class=\"elementor-widget-container\">\n\t\t\t\t\t\t\t\t\t\t\t\t\t\t\t\t<a href=\"https:\/\/www.sieradz-bped.sowa.pl\/\">\n\t\t\t\t\t\t\t<img fetchpriority=\"high\" decoding=\"async\" width=\"800\" height=\"269\" src=\"http:\/\/filiawieruszow.bpsieradz.pl\/wp-content\/uploads\/2025\/01\/katalogi-online-1024x344.png\" class=\"attachment-large size-large wp-image-97\" alt=\"\" srcset=\"http:\/\/filiawieruszow.bpsieradz.pl\/wp-content\/uploads\/2025\/01\/katalogi-online-1024x344.png 1024w, http:\/\/filiawieruszow.bpsieradz.pl\/wp-content\/uploads\/2025\/01\/katalogi-online-300x101.png 300w, http:\/\/filiawieruszow.bpsieradz.pl\/wp-content\/uploads\/2025\/01\/katalogi-online-768x258.png 768w, http:\/\/filiawieruszow.bpsieradz.pl\/wp-content\/uploads\/2025\/01\/katalogi-online.png 1080w\" sizes=\"(max-width: 800px) 100vw, 800px\" \/>\t\t\t\t\t\t\t\t<\/a>\n\t\t\t\t\t\t\t\t\t\t\t\t\t\t\t<\/div>\n\t\t\t\t<\/div>\n\t\t\t\t<\/div>\n\t\t<div class=\"elementor-element elementor-element-c514af4 e-con-full e-flex e-con e-child\" data-id=\"c514af4\" data-element_type=\"container\" data-e-type=\"container\">\n\t\t\t\t<div class=\"elementor-element elementor-element-512c458 elementor-widget elementor-widget-image\" data-id=\"512c458\" data-element_type=\"widget\" data-e-type=\"widget\" data-widget_type=\"image.default\">\n\t\t\t\t<div class=\"elementor-widget-container\">\n\t\t\t\t\t\t\t\t\t\t\t\t\t\t\t\t<a href=\"http:\/\/moodle39.cresieradz.edu.pl\/course\/view.php?id=83\">\n\t\t\t\t\t\t\t<img decoding=\"async\" width=\"800\" height=\"269\" src=\"http:\/\/filiawieruszow.bpsieradz.pl\/wp-content\/uploads\/2025\/01\/biblioteka-metodyczna-1024x344.png\" class=\"attachment-large size-large wp-image-96\" alt=\"\" srcset=\"http:\/\/filiawieruszow.bpsieradz.pl\/wp-content\/uploads\/2025\/01\/biblioteka-metodyczna-1024x344.png 1024w, http:\/\/filiawieruszow.bpsieradz.pl\/wp-content\/uploads\/2025\/01\/biblioteka-metodyczna-300x101.png 300w, http:\/\/filiawieruszow.bpsieradz.pl\/wp-content\/uploads\/2025\/01\/biblioteka-metodyczna-768x258.png 768w, http:\/\/filiawieruszow.bpsieradz.pl\/wp-content\/uploads\/2025\/01\/biblioteka-metodyczna.png 1080w\" sizes=\"(max-width: 800px) 100vw, 800px\" \/>\t\t\t\t\t\t\t\t<\/a>\n\t\t\t\t\t\t\t\t\t\t\t\t\t\t\t<\/div>\n\t\t\t\t<\/div>\n\t\t\t\t<\/div>\n\t\t<div class=\"elementor-element elementor-element-9054dba e-con-full e-flex e-con e-child\" data-id=\"9054dba\" data-element_type=\"container\" data-e-type=\"container\">\n\t\t\t\t<div class=\"elementor-element elementor-element-2399085 elementor-widget elementor-widget-image\" data-id=\"2399085\" data-element_type=\"widget\" data-e-type=\"widget\" data-widget_type=\"image.default\">\n\t\t\t\t<div class=\"elementor-widget-container\">\n\t\t\t\t\t\t\t\t\t\t\t\t\t\t\t\t<a href=\"http:\/\/bpsieradz.pl\/index.php\/przeszukaj\/zestawienia\">\n\t\t\t\t\t\t\t<img decoding=\"async\" width=\"800\" height=\"269\" src=\"http:\/\/filiawieruszow.bpsieradz.pl\/wp-content\/uploads\/2025\/01\/zestawienia-1024x344.png\" class=\"attachment-large size-large wp-image-98\" alt=\"\" srcset=\"http:\/\/filiawieruszow.bpsieradz.pl\/wp-content\/uploads\/2025\/01\/zestawienia-1024x344.png 1024w, http:\/\/filiawieruszow.bpsieradz.pl\/wp-content\/uploads\/2025\/01\/zestawienia-300x101.png 300w, http:\/\/filiawieruszow.bpsieradz.pl\/wp-content\/uploads\/2025\/01\/zestawienia-768x258.png 768w, http:\/\/filiawieruszow.bpsieradz.pl\/wp-content\/uploads\/2025\/01\/zestawienia.png 1080w\" sizes=\"(max-width: 800px) 100vw, 800px\" \/>\t\t\t\t\t\t\t\t<\/a>\n\t\t\t\t\t\t\t\t\t\t\t\t\t\t\t<\/div>\n\t\t\t\t<\/div>\n\t\t\t\t<\/div>\n\t\t\t\t\t<\/div>\n\t\t\t\t<\/div>\n\t\t<div class=\"elementor-element elementor-element-1609164 e-flex e-con-boxed e-con e-parent\" data-id=\"1609164\" data-element_type=\"container\" data-e-type=\"container\">\n\t\t\t\t\t<div class=\"e-con-inner\">\n\t\t\t\t<div class=\"elementor-element elementor-element-7a04fbe elementor-widget-divider--view-line elementor-widget elementor-widget-divider\" data-id=\"7a04fbe\" data-element_type=\"widget\" data-e-type=\"widget\" data-widget_type=\"divider.default\">\n\t\t\t\t<div class=\"elementor-widget-container\">\n\t\t\t\t\t\t\t<div class=\"elementor-divider\">\n\t\t\t<span class=\"elementor-divider-separator\">\n\t\t\t\t\t\t<\/span>\n\t\t<\/div>\n\t\t\t\t\t\t<\/div>\n\t\t\t\t<\/div>\n\t\t\t\t\t<\/div>\n\t\t\t\t<\/div>\n\t\t<div class=\"elementor-element elementor-element-8de2c05 e-flex e-con-boxed e-con e-parent\" data-id=\"8de2c05\" data-element_type=\"container\" data-e-type=\"container\">\n\t\t\t\t\t<div class=\"e-con-inner\">\n\t\t\t\t<div class=\"elementor-element elementor-element-7f254ec elementor-widget elementor-widget-heading\" data-id=\"7f254ec\" data-element_type=\"widget\" data-e-type=\"widget\" data-widget_type=\"heading.default\">\n\t\t\t\t<div class=\"elementor-widget-container\">\n\t\t\t\t\t<h1 class=\"elementor-heading-title elementor-size-default\">Aktualno\u015bci<\/h1>\t\t\t\t<\/div>\n\t\t\t\t<\/div>\n\t\t\t\t\t<\/div>\n\t\t\t\t<\/div>\n\t\t<div class=\"elementor-element elementor-element-5e1f65c e-flex e-con-boxed e-con e-parent\" data-id=\"5e1f65c\" data-element_type=\"container\" data-e-type=\"container\">\n\t\t\t\t\t<div class=\"e-con-inner\">\n\t\t\t\t<div class=\"elementor-element elementor-element-774841d elementor-widget__width-inherit elementor-widget elementor-widget-smart_post_show_pro_shortcode\" data-id=\"774841d\" data-element_type=\"widget\" data-e-type=\"widget\" data-widget_type=\"smart_post_show_pro_shortcode.default\">\n\t\t\t\t<div class=\"elementor-widget-container\">\n\t\t\t\t\t<style id=\"sp_pcp_dynamic_style284\">#pcp_wrapper-284:not(.sps-glossary-layout) .sp-pcp-row,#pcp_wrapper-284 .sps-glossary-items-group .sps-glossary-items-content {margin-right: -10px;margin-left: -10px;}#pcp_wrapper-284 .sp-pcp-row [class*='sp-pcp-col-']{padding-right: 10px;padding-left: 10px; padding-bottom:20px;}.pcp-wrapper-284 .sp-pcp-title a {color: #111;display: inherit;} .pcp-wrapper-284 .sp-pcp-title a:hover {color: #0568bf;}.pcp-wrapper-284 .sp-pcp-post-content{color: #444; }#pcp_wrapper-284 .sp-pcp-post {padding: 0 0 0 0;}#pcp_wrapper-284.sp-slider_layout .sp-pcp-post .sp-pcp-post-details {top: 0; right:0; bottom:0; left:0;}#pcp_wrapper-284 .sp-pcp-post {border: 0px solid #e2e2e2; border-radius: 0px }#pcp_wrapper-284 .sp-pcp-post{background-color: transparent;}#pcp_wrapper-284 .pcp-post-thumb-wrapper{border: 0px solid #dddddd;border-radius:0px;}.pcp-wrapper-284 .sp-pcp-post-meta li,.pcp-wrapper-284 .sp-pcp-post-meta ul,.pcp-wrapper-284 .sp-pcp-post-meta li a{color: #888;}.pcp-wrapper-284 .sp-pcp-post-meta li a:hover{color: #0568bf;}#pcp_wrapper-284 .pcp-readmore-link{ background: transparent; color: #111; border: 1px solid #888; border-radius: 0px; } #pcp_wrapper-284 .pcp-readmore-link:hover { background-color: #0769bf; color: #fff; border-color: #0568bf; }#pcp_wrapper-284 .pcp-post-pagination .page-numbers.current, #pcp_wrapper-284 .pcp-post-pagination a.active , #pcp_wrapper-284 .pcp-post-pagination a:hover{ color: #ffffff; background: #0568bf; border-color: #0568bf; }#pcp_wrapper-284 .pcp-post-pagination .page-numbers, .pcp-post-pagination a{ background: #ffffff; color:#5e5e5e; border: 2px solid #bbbbbb;border-radius: 2px; }#pcp_wrapper-284 .pcp-post-pagination{text-align: left;}@media (min-width: 1200px) {.sp-pcp-row .sp-pcp-col-xl-1 {flex: 0 0 100%;}.sp-pcp-row .sp-pcp-col-xl-2 {flex: 1 1 calc( 50% - 20px);}.sp-pcp-row .sp-pcp-col-xl-3 {flex: 1 1 calc( 33.333% - 20px);}.sp-pcp-row .sp-pcp-col-xl-4 {flex: 1 1 calc( 25% - 20px);}.sp-pcp-row .sp-pcp-col-xl-5 { flex: 1 1 calc( 20% - 20px);}.sp-pcp-row .sp-pcp-col-xl-6 {flex: 1 1 calc( 16.66666666666667% - 20px);}.sp-pcp-row .sp-pcp-col-xl-7 {flex: 1 1 calc( 14.28571428% - 20px);}.sp-pcp-row .sp-pcp-col-xl-8 {flex: 1 1 calc( 12.5% - 20px);}}@media (max-width: 1200px) {.sp-pcp-row .sp-pcp-col-lg-1 {flex: 0 0 100%;}.sp-pcp-row .sp-pcp-col-lg-2 {flex: 1 1 calc( 50% - 20px);}.sp-pcp-row .sp-pcp-col-lg-3 {flex: 1 1 calc( 33.333% - 20px);}.sp-pcp-row .sp-pcp-col-lg-4 {flex: 1 1 calc( 25% - 20px);}.sp-pcp-row .sp-pcp-col-lg-5 { flex: 1 1 calc( 20% - 20px);}.sp-pcp-row .sp-pcp-col-lg-6 {flex: 1 1 calc( 16.66666666666667% - 20px);}.sp-pcp-row .sp-pcp-col-lg-7 {flex: 1 1 calc( 14.28571428% - 20px);}.sp-pcp-row .sp-pcp-col-lg-8 {flex: 1 1 calc( 12.5% - 20px);}}@media (max-width: 992px) {.sp-pcp-row .sp-pcp-col-md-1 {flex: 0 0 100%;}.sp-pcp-row .sp-pcp-col-md-2 {flex: 1 1 calc( 50% - 20px);}.sp-pcp-row .sp-pcp-col-md-2-5 {flex: 0 0 75%;}.sp-pcp-row .sp-pcp-col-md-3 {flex: 1 1 calc( 33.333% - 20px);}.sp-pcp-row .sp-pcp-col-md-4 {flex: 1 1 calc( 25% - 20px);}.sp-pcp-row .sp-pcp-col-md-5 { flex: 1 1 calc( 20% - 20px);}.sp-pcp-row .sp-pcp-col-md-6 {flex: 1 1 calc( 16.66666666666667% - 20px);}.sp-pcp-row .sp-pcp-col-md-7 {flex: 1 1 calc( 14.28571428% - 20px);}.sp-pcp-row .sp-pcp-col-md-8 {flex: 1 1 calc( 12.5% - 20px);}}@media (max-width: 768px) {.sp-pcp-row .sp-pcp-col-sm-1 {flex: 0 0 100%;}.sp-pcp-row .sp-pcp-col-sm-2 {flex: 1 1 calc( 50% - 20px);}.sp-pcp-row .sp-pcp-col-sm-2-5 {flex: 0 0 75%;}.sp-pcp-row .sp-pcp-col-sm-3 {flex: 1 1 calc( 33.333% - 20px);}.sp-pcp-row .sp-pcp-col-sm-4 {flex: 1 1 calc( 25% - 20px);}.sp-pcp-row .sp-pcp-col-sm-5 { flex: 1 1 calc( 20% - 20px);}.sp-pcp-row .sp-pcp-col-sm-6 {flex: 1 1 calc( 16.66666666666667% - 20px);}.sp-pcp-row .sp-pcp-col-sm-7 {flex: 1 1 calc( 14.28571428% - 20px);}.sp-pcp-row .sp-pcp-col-sm-8 {flex: 1 1 calc( 12.5% - 20px);}}@media (max-width: 420px) {.sp-pcp-row .sp-pcp-col-xs-1 {flex: 0 0 100%;}.sp-pcp-row .sp-pcp-col-xs-2 {flex: 1 1 calc( 50% - 20px);}.sp-pcp-row .sp-pcp-col-xs-3 {flex: 1 1 calc( 33.333% - 20px);}.sp-pcp-row .sp-pcp-col-xs-4 {flex: 1 1 calc( 25% - 20px);}.sp-pcp-row .sp-pcp-col-xs-5 { flex: 1 1 calc( 20% - 20px);}.sp-pcp-row .sp-pcp-col-xs-6 {flex: 1 1 calc( 16.66666666666667% - 20px);}.sp-pcp-row .sp-pcp-col-xs-7 {flex: 1 1 calc( 14.28571428% - 20px);}.sp-pcp-row .sp-pcp-col-xs-8 {flex: 1 1 calc( 12.5% - 20px);}}<\/style>\n<div id=\"pcp_wrapper-284\" class=\"sp-pcp-section sp-pcp-container pcp-wrapper-284 sps-list-layout\">\n<div class=\"sp-pcp-row\">\n\t\t\t\t<div class=\"sp-pcp-col-xs-1\">\n\t\t\t<div class=\"sp-pcp-post left-thumb pcp-item-4114\" data-id=\"4114\">\n\t\t\t\t\t\t\t\t<div class=\"pcp-post-thumb-wrapper\">\n\t\t\t\t\t<div class=\"sp-pcp-post-thumb-area\">\n\t\t\t\t\t\t\t\t\t\t\t\t<a class=\"sp-pcp-thumb\" href=\"https:\/\/filiawieruszow.bpsieradz.pl\/index.php\/2026\/06\/22\/czytanie-na-polanie-2\/\" target=\"_self\" >\n\t\t\t\t\t\t\t\t\t\t\t\t\t<img loading=\"lazy\" decoding=\"async\" src=\"https:\/\/filiawieruszow.bpsieradz.pl\/wp-content\/uploads\/2026\/06\/nggallery_import\/Czytanie-na-Polanie-2026-plakat-150x150.jpg\" width=\"150\" height=\"150\" alt=\"\">\n\t\t\t\t\t\t<\/a>\n\t\t\t\t\t<\/div>\n\t\t\t\t<\/div>\n\t\t\t\t\t\t\t\t<div class=\"sp-pcp-post-details\">\n\t\t\t\t\t<div class=\"sp-pcp-post-details-content\">\n\t\t\t\t\t\t\t\t<h1 class=\"sp-pcp-title\">\n\t\t\t\t\t\t\t\t\t<a href=\"https:\/\/filiawieruszow.bpsieradz.pl\/index.php\/2026\/06\/22\/czytanie-na-polanie-2\/\"  target=\"_self\">Czytanie na Polanie<\/a>\t\t\t\t\t\t\t<\/h1>\n\t\t\t\t\t\t<div class=\"sp-pcp-post-meta\">\n\t\t\t<ul><li>\t\t\t\t\t<i class=\"fa fa-calendar\"><\/i>\n\t\t\t\t\t<time class=\"entry-date published updated\">22 czerwca, 2026<\/time>\n\t\t\t\t\t<\/li><\/ul>\t\t<\/div>\n\t\t\t\t\t<div class=\"sp-pcp-post-content\">\n\t\t\t<p>Mi\u0119dzynarodowa akcja Czytanie na Polanie, kt\u00f3ra by\u0142a efektem spotka\u0144&nbsp; Sieci wsp\u00f3\u0142pracy i samokszta\u0142cenia nauczycieli edukacji wczesnoszkolnej i Sieci wsp\u00f3\u0142pracy i samokszta\u0142cenia nauczycieli bibliotekarzy dzia\u0142aj\u0105cych przy Centrum Rozwoju Edukacji Wojew\u00f3dztwa \u0141\u00f3dzkiego ...<\/p>\n\t\t<div class=\"sp-pcp-readmore\">\n\t\t\t\t\t\t\t<a class=\"pcp-readmore-link\" target=\"_self\" href=\"https:\/\/filiawieruszow.bpsieradz.pl\/index.php\/2026\/06\/22\/czytanie-na-polanie-2\/\" >\n\t\t\t\t\t\tWi\u0119cej <\/a>\n\t\t<\/div>\n\t\t\t\t\t<\/div>\n\t\t\t\t\t\t\t\t<\/div>\n\t\t\t\t<\/div>\n\t\t\t<\/div>\n\t\t<\/div>\n\t\t\t\t<div class=\"sp-pcp-col-xs-1\">\n\t\t\t<div class=\"sp-pcp-post left-thumb pcp-item-4103\" data-id=\"4103\">\n\t\t\t\t\t\t\t\t<div class=\"pcp-post-thumb-wrapper\">\n\t\t\t\t\t<div class=\"sp-pcp-post-thumb-area\">\n\t\t\t\t\t\t\t\t\t\t\t\t<a class=\"sp-pcp-thumb\" href=\"https:\/\/filiawieruszow.bpsieradz.pl\/index.php\/2026\/03\/05\/powiatowym-konkurs-plastyczno-literacki-pt-z-ksiazki-na-ekran-ale-najpierw-na-plakat\/\" target=\"_self\" >\n\t\t\t\t\t\t\t\t\t\t\t\t\t<img loading=\"lazy\" decoding=\"async\" src=\"https:\/\/filiawieruszow.bpsieradz.pl\/wp-content\/uploads\/2026\/03\/Z-ksiazki-na-ekran-ale-150x150.jpg\" width=\"150\" height=\"150\" alt=\"\">\n\t\t\t\t\t\t<\/a>\n\t\t\t\t\t<\/div>\n\t\t\t\t<\/div>\n\t\t\t\t\t\t\t\t<div class=\"sp-pcp-post-details\">\n\t\t\t\t\t<div class=\"sp-pcp-post-details-content\">\n\t\t\t\t\t\t\t\t<h1 class=\"sp-pcp-title\">\n\t\t\t\t\t\t\t\t\t<a href=\"https:\/\/filiawieruszow.bpsieradz.pl\/index.php\/2026\/03\/05\/powiatowym-konkurs-plastyczno-literacki-pt-z-ksiazki-na-ekran-ale-najpierw-na-plakat\/\"  target=\"_self\">Powiatowym konkurs plastyczno-literacki pt. \u201eZ ksi\u0105\u017cki na ekran\u2026 Ale najpierw na plakat\u201d<\/a>\t\t\t\t\t\t\t<\/h1>\n\t\t\t\t\t\t<div class=\"sp-pcp-post-meta\">\n\t\t\t<ul><li>\t\t\t\t\t<i class=\"fa fa-calendar\"><\/i>\n\t\t\t\t\t<time class=\"entry-date published updated\">5 marca, 2026<\/time>\n\t\t\t\t\t<\/li><\/ul>\t\t<\/div>\n\t\t\t\t\t<div class=\"sp-pcp-post-content\">\n\t\t\t<p>Centrum Rozwoju Edukacji Wojew\u00f3dztwa \u0141\u00f3dzkiego w Sieradzu Biblioteka Pedagogiczna w Sieradzu Filia w Wieruszowie serdecznie zaprasza uczni\u00f3w klas 7 i 8 szk\u00f3\u0142 podstawowych oraz uczni\u00f3w szk\u00f3\u0142 ponadpodstawowych do udzia\u0142u w ...<\/p>\n\t\t<div class=\"sp-pcp-readmore\">\n\t\t\t\t\t\t\t<a class=\"pcp-readmore-link\" target=\"_self\" href=\"https:\/\/filiawieruszow.bpsieradz.pl\/index.php\/2026\/03\/05\/powiatowym-konkurs-plastyczno-literacki-pt-z-ksiazki-na-ekran-ale-najpierw-na-plakat\/\" >\n\t\t\t\t\t\tWi\u0119cej <\/a>\n\t\t<\/div>\n\t\t\t\t\t<\/div>\n\t\t\t\t\t\t\t\t<\/div>\n\t\t\t\t<\/div>\n\t\t\t<\/div>\n\t\t<\/div>\n\t\t\t\t<div class=\"sp-pcp-col-xs-1\">\n\t\t\t<div class=\"sp-pcp-post left-thumb pcp-item-4072\" data-id=\"4072\">\n\t\t\t\t\t\t\t\t<div class=\"pcp-post-thumb-wrapper\">\n\t\t\t\t\t<div class=\"sp-pcp-post-thumb-area\">\n\t\t\t\t\t\t\t\t\t\t\t\t<a class=\"sp-pcp-thumb\" href=\"https:\/\/filiawieruszow.bpsieradz.pl\/index.php\/2025\/12\/10\/powiatowy-konkurs-plastyczny-dla-klas-i-iii\/\" target=\"_self\" >\n\t\t\t\t\t\t\t\t\t\t\t\t\t<img loading=\"lazy\" decoding=\"async\" src=\"https:\/\/filiawieruszow.bpsieradz.pl\/wp-content\/uploads\/2025\/12\/Laureaci-1-150x150.jpg\" width=\"150\" height=\"150\" alt=\"\">\n\t\t\t\t\t\t<\/a>\n\t\t\t\t\t<\/div>\n\t\t\t\t<\/div>\n\t\t\t\t\t\t\t\t<div class=\"sp-pcp-post-details\">\n\t\t\t\t\t<div class=\"sp-pcp-post-details-content\">\n\t\t\t\t\t\t\t\t<h1 class=\"sp-pcp-title\">\n\t\t\t\t\t\t\t\t\t<a href=\"https:\/\/filiawieruszow.bpsieradz.pl\/index.php\/2025\/12\/10\/powiatowy-konkurs-plastyczny-dla-klas-i-iii\/\"  target=\"_self\">Powiatowy konkurs plastyczny dla klas I &#8211; III<\/a>\t\t\t\t\t\t\t<\/h1>\n\t\t\t\t\t\t<div class=\"sp-pcp-post-meta\">\n\t\t\t<ul><li>\t\t\t\t\t<i class=\"fa fa-calendar\"><\/i>\n\t\t\t\t\t<time class=\"entry-date published updated\">10 grudnia, 2025<\/time>\n\t\t\t\t\t<\/li><\/ul>\t\t<\/div>\n\t\t\t\t\t<div class=\"sp-pcp-post-content\">\n\t\t\t<p>5 grudnia 2025 r. w Centrum Rozwoju Edukacji Wojew\u00f3dztwa \u0141\u00f3dzkiego w Sieradzu Biblioteka Pedagogiczna w Sieradzu Filia w Wieruszowie odby\u0142o si\u0119 uroczyste wr\u0119czenie nagr\u00f3d w konkursie pn.: Narysuj\u0119 Ci emocje\u2026 ...<\/p>\n\t\t<div class=\"sp-pcp-readmore\">\n\t\t\t\t\t\t\t<a class=\"pcp-readmore-link\" target=\"_self\" href=\"https:\/\/filiawieruszow.bpsieradz.pl\/index.php\/2025\/12\/10\/powiatowy-konkurs-plastyczny-dla-klas-i-iii\/\" >\n\t\t\t\t\t\tWi\u0119cej <\/a>\n\t\t<\/div>\n\t\t\t\t\t<\/div>\n\t\t\t\t\t\t\t\t<\/div>\n\t\t\t\t<\/div>\n\t\t\t<\/div>\n\t\t<\/div>\n\t\t\t\t<div class=\"sp-pcp-col-xs-1\">\n\t\t\t<div class=\"sp-pcp-post left-thumb pcp-item-3802\" data-id=\"3802\">\n\t\t\t\t\t\t\t\t<div class=\"pcp-post-thumb-wrapper\">\n\t\t\t\t\t<div class=\"sp-pcp-post-thumb-area\">\n\t\t\t\t\t\t\t\t\t\t\t\t<a class=\"sp-pcp-thumb\" href=\"https:\/\/filiawieruszow.bpsieradz.pl\/index.php\/2025\/10\/23\/biblioteka-zaprasza-czlowieka\/\" target=\"_self\" >\n\t\t\t\t\t\t\t\t\t\t\t\t\t<img loading=\"lazy\" decoding=\"async\" src=\"https:\/\/filiawieruszow.bpsieradz.pl\/wp-content\/uploads\/2025\/10\/Happening_czytelniczy_02-150x150.jpg\" width=\"150\" height=\"150\" alt=\"Happening czytelniczy 02\">\n\t\t\t\t\t\t<\/a>\n\t\t\t\t\t<\/div>\n\t\t\t\t<\/div>\n\t\t\t\t\t\t\t\t<div class=\"sp-pcp-post-details\">\n\t\t\t\t\t<div class=\"sp-pcp-post-details-content\">\n\t\t\t\t\t\t\t\t<h1 class=\"sp-pcp-title\">\n\t\t\t\t\t\t\t\t\t<a href=\"https:\/\/filiawieruszow.bpsieradz.pl\/index.php\/2025\/10\/23\/biblioteka-zaprasza-czlowieka\/\"  target=\"_self\">Biblioteka zaprasza cz\u0142owieka \u2013 rekordowy happening w Wieruszowie<\/a>\t\t\t\t\t\t\t<\/h1>\n\t\t\t\t\t\t<div class=\"sp-pcp-post-meta\">\n\t\t\t<ul><li>\t\t\t\t\t<i class=\"fa fa-calendar\"><\/i>\n\t\t\t\t\t<time class=\"entry-date published updated\">23 pa\u017adziernika, 2025<\/time>\n\t\t\t\t\t<\/li><\/ul>\t\t<\/div>\n\t\t\t\t\t<div class=\"sp-pcp-post-content\">\n\t\t\t<p>VII Happening czytelniczy \u201eBiblioteka zaprasza cz\u0142owieka\u201d zgromadzi\u0142 rekordowe 499 uczestnik\u00f3w, promuj\u0105c czytanie, ksi\u0105\u017cki i rol\u0119 bibliotek w rozwoju dzieci.<\/p>\n\t\t<div class=\"sp-pcp-readmore\">\n\t\t\t\t\t\t\t<a class=\"pcp-readmore-link\" target=\"_self\" href=\"https:\/\/filiawieruszow.bpsieradz.pl\/index.php\/2025\/10\/23\/biblioteka-zaprasza-czlowieka\/\" >\n\t\t\t\t\t\tWi\u0119cej <\/a>\n\t\t<\/div>\n\t\t\t\t\t<\/div>\n\t\t\t\t\t\t\t\t<\/div>\n\t\t\t\t<\/div>\n\t\t\t<\/div>\n\t\t<\/div>\n\t\t\t\t<div class=\"sp-pcp-col-xs-1\">\n\t\t\t<div class=\"sp-pcp-post left-thumb pcp-item-3798\" data-id=\"3798\">\n\t\t\t\t\t\t\t\t<div class=\"pcp-post-thumb-wrapper\">\n\t\t\t\t\t<div class=\"sp-pcp-post-thumb-area\">\n\t\t\t\t\t\t\t\t\t\t\t\t<a class=\"sp-pcp-thumb\" href=\"https:\/\/filiawieruszow.bpsieradz.pl\/index.php\/2025\/10\/10\/senior\/\" target=\"_self\" >\n\t\t\t\t\t\t\t\t\t\t\t\t\t<img loading=\"lazy\" decoding=\"async\" src=\"https:\/\/filiawieruszow.bpsieradz.pl\/wp-content\/uploads\/2025\/10\/senior_1-150x150.jpg\" width=\"150\" height=\"150\" alt=\"senior 1\">\n\t\t\t\t\t\t<\/a>\n\t\t\t\t\t<\/div>\n\t\t\t\t<\/div>\n\t\t\t\t\t\t\t\t<div class=\"sp-pcp-post-details\">\n\t\t\t\t\t<div class=\"sp-pcp-post-details-content\">\n\t\t\t\t\t\t\t\t<h1 class=\"sp-pcp-title\">\n\t\t\t\t\t\t\t\t\t<a href=\"https:\/\/filiawieruszow.bpsieradz.pl\/index.php\/2025\/10\/10\/senior\/\"  target=\"_self\">Inspiruj\u0105ce odwiedziny Klubu Senior+ w naszej Bibliotece<\/a>\t\t\t\t\t\t\t<\/h1>\n\t\t\t\t\t\t<div class=\"sp-pcp-post-meta\">\n\t\t\t<ul><li>\t\t\t\t\t<i class=\"fa fa-calendar\"><\/i>\n\t\t\t\t\t<time class=\"entry-date published updated\">10 pa\u017adziernika, 2025<\/time>\n\t\t\t\t\t<\/li><\/ul>\t\t<\/div>\n\t\t\t\t\t<div class=\"sp-pcp-post-content\">\n\t\t\t<p>Seniorzy odwiedzili Bibliotek\u0119 Pedagogiczn\u0105 w Wieruszowie, poznaj\u0105c jej ofert\u0119 i bior\u0105c udzia\u0142 w ciekawym wyk\u0142adzie o mniej znanych faktach z \u017cycia pisarzy.<\/p>\n\t\t<div class=\"sp-pcp-readmore\">\n\t\t\t\t\t\t\t<a class=\"pcp-readmore-link\" target=\"_self\" href=\"https:\/\/filiawieruszow.bpsieradz.pl\/index.php\/2025\/10\/10\/senior\/\" >\n\t\t\t\t\t\tWi\u0119cej <\/a>\n\t\t<\/div>\n\t\t\t\t\t<\/div>\n\t\t\t\t\t\t\t\t<\/div>\n\t\t\t\t<\/div>\n\t\t\t<\/div>\n\t\t<\/div>\n\t\t\t<\/div>\n\t\t<span class=\"sp-pcp-pagination-data\" style=\"display:none;\"><\/span>\n\n\t\t<nav class=\"pcp-post-pagination pcp-on-desktop\">\n\t\t\t<span aria-current=\"page\" class=\"page-numbers current\">1<\/span><a class=\"page-numbers\" href=\"https:\/\/filiawieruszow.bpsieradz.pl\/index.php\/wp-json\/wp\/v2\/pages\/28\/?paged284=2\">2<\/a><a class=\"page-numbers\" href=\"https:\/\/filiawieruszow.bpsieradz.pl\/index.php\/wp-json\/wp\/v2\/pages\/28\/?paged284=3\">3<\/a><a class=\"page-numbers\" href=\"https:\/\/filiawieruszow.bpsieradz.pl\/index.php\/wp-json\/wp\/v2\/pages\/28\/?paged284=4\">4<\/a><a class=\"page-numbers\" href=\"https:\/\/filiawieruszow.bpsieradz.pl\/index.php\/wp-json\/wp\/v2\/pages\/28\/?paged284=5\">5<\/a><a class=\"page-numbers\" href=\"https:\/\/filiawieruszow.bpsieradz.pl\/index.php\/wp-json\/wp\/v2\/pages\/28\/?paged284=6\">6<\/a><a class=\"next page-numbers\" href=\"https:\/\/filiawieruszow.bpsieradz.pl\/index.php\/wp-json\/wp\/v2\/pages\/28\/?paged284=2\"><i class=\"fa fa-angle-right\"><\/i><\/a>\t\t<\/nav>\n\t\t\t\t\t<nav class=\"pcp-post-pagination pcp-on-mobile\">\n\t\t\t<span aria-current=\"page\" class=\"page-numbers current\">1<\/span><a class=\"page-numbers\" href=\"https:\/\/filiawieruszow.bpsieradz.pl\/index.php\/wp-json\/wp\/v2\/pages\/28\/?paged284=2\">2<\/a><a class=\"page-numbers\" href=\"https:\/\/filiawieruszow.bpsieradz.pl\/index.php\/wp-json\/wp\/v2\/pages\/28\/?paged284=3\">3<\/a><a class=\"page-numbers\" href=\"https:\/\/filiawieruszow.bpsieradz.pl\/index.php\/wp-json\/wp\/v2\/pages\/28\/?paged284=4\">4<\/a><a class=\"page-numbers\" href=\"https:\/\/filiawieruszow.bpsieradz.pl\/index.php\/wp-json\/wp\/v2\/pages\/28\/?paged284=5\">5<\/a><a class=\"page-numbers\" href=\"https:\/\/filiawieruszow.bpsieradz.pl\/index.php\/wp-json\/wp\/v2\/pages\/28\/?paged284=6\">6<\/a><a class=\"next page-numbers\" href=\"https:\/\/filiawieruszow.bpsieradz.pl\/index.php\/wp-json\/wp\/v2\/pages\/28\/?paged284=2\"><i class=\"fa fa-angle-right\"><\/i><\/a>\t\t<\/nav>\n\t\t\t\t<\/div>\n\t\t\t\t<\/div>\n\t\t\t\t<\/div>\n\t\t\t\t\t<\/div>\n\t\t\t\t<\/div>\n\t\t<div class=\"elementor-element elementor-element-6b39830 e-con-full e-flex e-con e-parent\" data-id=\"6b39830\" data-element_type=\"container\" data-e-type=\"container\">\n\t\t\t\t<\/div>\n\t\t<div class=\"elementor-element elementor-element-4e1fe30 e-flex e-con-boxed e-con e-parent\" data-id=\"4e1fe30\" data-element_type=\"container\" data-e-type=\"container\">\n\t\t\t\t\t<div class=\"e-con-inner\">\n\t\t\t\t<div class=\"elementor-element elementor-element-6639439 elementor-widget elementor-widget-spacer\" data-id=\"6639439\" data-element_type=\"widget\" data-e-type=\"widget\" data-widget_type=\"spacer.default\">\n\t\t\t\t<div class=\"elementor-widget-container\">\n\t\t\t\t\t\t\t<div class=\"elementor-spacer\">\n\t\t\t<div class=\"elementor-spacer-inner\"><\/div>\n\t\t<\/div>\n\t\t\t\t\t\t<\/div>\n\t\t\t\t<\/div>\n\t\t\t\t\t<\/div>\n\t\t\t\t<\/div>\n\t\t<div class=\"elementor-element elementor-element-4f6cae3 e-flex e-con-boxed e-con e-parent\" data-id=\"4f6cae3\" data-element_type=\"container\" data-e-type=\"container\">\n\t\t\t\t\t<div class=\"e-con-inner\">\n\t\t\t\t\t<\/div>\n\t\t\t\t<\/div>\n\t\t<div class=\"elementor-element elementor-element-8e3652e e-flex e-con-boxed e-con e-parent\" data-id=\"8e3652e\" data-element_type=\"container\" data-e-type=\"container\">\n\t\t\t\t\t<div class=\"e-con-inner\">\n\t\t\t\t\t<\/div>\n\t\t\t\t<\/div>\n\t\t<div class=\"elementor-element elementor-element-8c3bc25 e-flex e-con-boxed e-con e-parent\" data-id=\"8c3bc25\" data-element_type=\"container\" data-e-type=\"container\">\n\t\t\t\t\t<div class=\"e-con-inner\">\n\t\t\t\t\t<\/div>\n\t\t\t\t<\/div>\n\t\t<div class=\"elementor-element elementor-element-26a853a e-flex e-con-boxed e-con e-parent\" data-id=\"26a853a\" data-element_type=\"container\" data-e-type=\"container\">\n\t\t\t\t\t<div class=\"e-con-inner\">\n\t\t\t\t<div class=\"elementor-element elementor-element-db5fb91 elementor-widget elementor-widget-spacer\" data-id=\"db5fb91\" data-element_type=\"widget\" data-e-type=\"widget\" data-widget_type=\"spacer.default\">\n\t\t\t\t<div class=\"elementor-widget-container\">\n\t\t\t\t\t\t\t<div class=\"elementor-spacer\">\n\t\t\t<div class=\"elementor-spacer-inner\"><\/div>\n\t\t<\/div>\n\t\t\t\t\t\t<\/div>\n\t\t\t\t<\/div>\n\t\t\t\t\t<\/div>\n\t\t\t\t<\/div>\n\t\t<div class=\"elementor-element elementor-element-47a005e e-flex e-con-boxed e-con e-parent\" data-id=\"47a005e\" data-element_type=\"container\" data-e-type=\"container\">\n\t\t\t\t\t<div class=\"e-con-inner\">\n\t\t\t\t<div class=\"elementor-element elementor-element-ffc9718 elementor-widget elementor-widget-google_maps\" data-id=\"ffc9718\" data-element_type=\"widget\" data-e-type=\"widget\" data-widget_type=\"google_maps.default\">\n\t\t\t\t<div class=\"elementor-widget-container\">\n\t\t\t\t\t\t\t<div class=\"elementor-custom-embed\">\n\t\t\t<iframe loading=\"lazy\"\n\t\t\t\t\tsrc=\"https:\/\/maps.google.com\/maps?q=Wierusz%C3%B3%20%2C%20ul.%20Klemensa%20Wierusza%207-9&#038;t=m&#038;z=17&#038;output=embed&#038;iwloc=near\"\n\t\t\t\t\ttitle=\"Wierusz\u00f3 , ul. Klemensa Wierusza 7-9\"\n\t\t\t\t\taria-label=\"Wierusz\u00f3 , ul. Klemensa Wierusza 7-9\"\n\t\t\t><\/iframe>\n\t\t<\/div>\n\t\t\t\t\t\t<\/div>\n\t\t\t\t<\/div>\n\t\t\t\t\t<\/div>\n\t\t\t\t<\/div>\n\t\t\t\t<\/div>\n\t\t","protected":false},"excerpt":{"rendered":"<p>\u00a0 Aktualno\u015bci Powiatowy konkurs plastyczny dla klas I &#8211; III 10 grudnia, 2025 5 grudnia 2025 r. w Centrum Rozwoju Edukacji Wojew\u00f3dztwa \u0141\u00f3dzkiego w Sieradzu Biblioteka Pedagogiczna w Sieradzu Filia &#8230;<\/p>\n","protected":false},"author":1,"featured_media":0,"parent":0,"menu_order":0,"comment_status":"closed","ping_status":"closed","template":"","meta":{"om_disable_all_campaigns":false,"ngg_post_thumbnail":0,"footnotes":""},"class_list":["post-28","page","type-page","status-publish","hentry"],"aioseo_notices":[],"aioseo_head":"\n\t\t<!-- All in One SEO 4.9.10 - aioseo.com -->\n\t<meta name=\"description\" content=\"Biblioteka Pedagogiczna w Paj\u0119cznie, cz\u0119\u015b\u0107 Centrum Rozwoju Edukacji Wojew\u00f3dztwa \u0141\u00f3dzkiego, oferuje bogate zasoby edukacyjne dla nauczycieli, uczni\u00f3w i pasjonat\u00f3w edukacji. Dowiedz si\u0119 wi\u0119cej o historii, ofercie i us\u0142ugach naszej plac\u00f3wki, kt\u00f3ra wspiera rozw\u00f3j edukacji w regionie \u0141asku i wojew\u00f3dztwa \u0142\u00f3dzkiego.\" \/>\n\t<meta name=\"robots\" content=\"max-image-preview:large\" \/>\n\t<link rel=\"canonical\" href=\"https:\/\/filiawieruszow.bpsieradz.pl\/\" \/>\n\t<meta name=\"generator\" content=\"All in One SEO (AIOSEO) 4.9.10\" \/>\n\t\t<meta property=\"og:locale\" content=\"pl_PL\" \/>\n\t\t<meta property=\"og:site_name\" content=\"Biblioteka Pedagogiczna w Sieradzu Filia w Wieruszowie -\" \/>\n\t\t<meta property=\"og:type\" content=\"website\" \/>\n\t\t<meta property=\"og:title\" content=\"Biblioteka Pedagogiczna w Sieradzu Filia w Paj\u0119cznie\" \/>\n\t\t<meta property=\"og:description\" content=\"Biblioteka Pedagogiczna w Paj\u0119cznie, cz\u0119\u015b\u0107 Centrum Rozwoju Edukacji Wojew\u00f3dztwa \u0141\u00f3dzkiego, oferuje bogate zasoby edukacyjne dla nauczycieli, uczni\u00f3w i pasjonat\u00f3w edukacji. Dowiedz si\u0119 wi\u0119cej o historii, ofercie i us\u0142ugach naszej plac\u00f3wki, kt\u00f3ra wspiera rozw\u00f3j edukacji w regionie \u0141asku i wojew\u00f3dztwa \u0142\u00f3dzkiego.\" \/>\n\t\t<meta property=\"og:url\" content=\"https:\/\/filiawieruszow.bpsieradz.pl\/\" \/>\n\t\t<meta property=\"og:image\" content=\"https:\/\/filiawieruszow.bpsieradz.pl\/wp-content\/uploads\/2025\/02\/CRE_lodzkie.jpg\" \/>\n\t\t<meta property=\"og:image:secure_url\" content=\"https:\/\/filiawieruszow.bpsieradz.pl\/wp-content\/uploads\/2025\/02\/CRE_lodzkie.jpg\" \/>\n\t\t<meta name=\"twitter:card\" content=\"summary_large_image\" \/>\n\t\t<meta name=\"twitter:title\" content=\"Biblioteka Pedagogiczna w Sieradzu Filia w Paj\u0119cznie\" \/>\n\t\t<meta name=\"twitter:description\" content=\"Biblioteka Pedagogiczna w Paj\u0119cznie, cz\u0119\u015b\u0107 Centrum Rozwoju Edukacji Wojew\u00f3dztwa \u0141\u00f3dzkiego, oferuje bogate zasoby edukacyjne dla nauczycieli, uczni\u00f3w i pasjonat\u00f3w edukacji. Dowiedz si\u0119 wi\u0119cej o historii, ofercie i us\u0142ugach naszej plac\u00f3wki, kt\u00f3ra wspiera rozw\u00f3j edukacji w regionie \u0141asku i wojew\u00f3dztwa \u0142\u00f3dzkiego.\" \/>\n\t\t<meta name=\"twitter:image\" content=\"https:\/\/filiawieruszow.bpsieradz.pl\/wp-content\/uploads\/2025\/02\/CRE_lodzkie.jpg\" \/>\n\t\t<script type=\"application\/ld+json\" class=\"aioseo-schema\">\n\t\t\t{\"@context\":\"https:\\\/\\\/schema.org\",\"@graph\":[{\"@type\":\"BreadcrumbList\",\"@id\":\"https:\\\/\\\/filiawieruszow.bpsieradz.pl\\\/#breadcrumblist\",\"itemListElement\":[{\"@type\":\"ListItem\",\"@id\":\"https:\\\/\\\/filiawieruszow.bpsieradz.pl#listItem\",\"position\":1,\"name\":\"Home\",\"item\":\"https:\\\/\\\/filiawieruszow.bpsieradz.pl\",\"nextItem\":{\"@type\":\"ListItem\",\"@id\":\"https:\\\/\\\/filiawieruszow.bpsieradz.pl\\\/#listItem\",\"name\":\"BP Sieradz Filia Wierusz\\u00f3w\"}},{\"@type\":\"ListItem\",\"@id\":\"https:\\\/\\\/filiawieruszow.bpsieradz.pl\\\/#listItem\",\"position\":2,\"name\":\"BP Sieradz Filia Wierusz\\u00f3w\",\"previousItem\":{\"@type\":\"ListItem\",\"@id\":\"https:\\\/\\\/filiawieruszow.bpsieradz.pl#listItem\",\"name\":\"Home\"}}]},{\"@type\":\"Organization\",\"@id\":\"https:\\\/\\\/filiawieruszow.bpsieradz.pl\\\/#organization\",\"name\":\"Biblioteka Pedagogiczna w Sieradzu Filia w Wieruszowie\",\"url\":\"https:\\\/\\\/filiawieruszow.bpsieradz.pl\\\/\",\"logo\":{\"@type\":\"ImageObject\",\"url\":\"https:\\\/\\\/filiawieruszow.bpsieradz.pl\\\/wp-content\\\/uploads\\\/2025\\\/02\\\/CRE_lodzkie.jpg\",\"@id\":\"https:\\\/\\\/filiawieruszow.bpsieradz.pl\\\/#organizationLogo\",\"width\":323,\"height\":50},\"image\":{\"@id\":\"https:\\\/\\\/filiawieruszow.bpsieradz.pl\\\/#organizationLogo\"}},{\"@type\":\"Person\",\"@id\":\"https:\\\/\\\/filiawieruszow.bpsieradz.pl\\\/index.php\\\/author\\\/admin\\\/#author\",\"url\":\"https:\\\/\\\/filiawieruszow.bpsieradz.pl\\\/index.php\\\/author\\\/admin\\\/\",\"name\":\"admin\",\"image\":{\"@type\":\"ImageObject\",\"@id\":\"https:\\\/\\\/filiawieruszow.bpsieradz.pl\\\/#authorImage\",\"url\":\"https:\\\/\\\/secure.gravatar.com\\\/avatar\\\/7c9baecea61c950fa0ace417ade1d91ec20251533a476dc4eb52114bf5576b3a?s=96&d=mm&r=g\",\"width\":96,\"height\":96,\"caption\":\"admin\"}},{\"@type\":\"WebPage\",\"@id\":\"https:\\\/\\\/filiawieruszow.bpsieradz.pl\\\/#webpage\",\"url\":\"https:\\\/\\\/filiawieruszow.bpsieradz.pl\\\/\",\"name\":\"Biblioteka Pedagogiczna w Sieradzu Filia w Paj\\u0119cznie\",\"description\":\"Biblioteka Pedagogiczna w Paj\\u0119cznie, cz\\u0119\\u015b\\u0107 Centrum Rozwoju Edukacji Wojew\\u00f3dztwa \\u0141\\u00f3dzkiego, oferuje bogate zasoby edukacyjne dla nauczycieli, uczni\\u00f3w i pasjonat\\u00f3w edukacji. Dowiedz si\\u0119 wi\\u0119cej o historii, ofercie i us\\u0142ugach naszej plac\\u00f3wki, kt\\u00f3ra wspiera rozw\\u00f3j edukacji w regionie \\u0141asku i wojew\\u00f3dztwa \\u0142\\u00f3dzkiego.\",\"inLanguage\":\"pl-PL\",\"isPartOf\":{\"@id\":\"https:\\\/\\\/filiawieruszow.bpsieradz.pl\\\/#website\"},\"breadcrumb\":{\"@id\":\"https:\\\/\\\/filiawieruszow.bpsieradz.pl\\\/#breadcrumblist\"},\"author\":{\"@id\":\"https:\\\/\\\/filiawieruszow.bpsieradz.pl\\\/index.php\\\/author\\\/admin\\\/#author\"},\"creator\":{\"@id\":\"https:\\\/\\\/filiawieruszow.bpsieradz.pl\\\/index.php\\\/author\\\/admin\\\/#author\"},\"datePublished\":\"2025-01-22T08:08:17+00:00\",\"dateModified\":\"2026-01-07T10:09:27+00:00\"},{\"@type\":\"WebSite\",\"@id\":\"https:\\\/\\\/filiawieruszow.bpsieradz.pl\\\/#website\",\"url\":\"https:\\\/\\\/filiawieruszow.bpsieradz.pl\\\/\",\"name\":\"Biblioteka Pedagogiczna w Sieradzu Filia w Wieruszowie\",\"inLanguage\":\"pl-PL\",\"publisher\":{\"@id\":\"https:\\\/\\\/filiawieruszow.bpsieradz.pl\\\/#organization\"}}]}\n\t\t<\/script>\n\t\t<!-- All in One SEO -->\n\n","aioseo_head_json":{"title":"Biblioteka Pedagogiczna w Sieradzu Filia w Paj\u0119cznie","description":"Biblioteka Pedagogiczna w Paj\u0119cznie, cz\u0119\u015b\u0107 Centrum Rozwoju Edukacji Wojew\u00f3dztwa \u0141\u00f3dzkiego, oferuje bogate zasoby edukacyjne dla nauczycieli, uczni\u00f3w i pasjonat\u00f3w edukacji. Dowiedz si\u0119 wi\u0119cej o historii, ofercie i us\u0142ugach naszej plac\u00f3wki, kt\u00f3ra wspiera rozw\u00f3j edukacji w regionie \u0141asku i wojew\u00f3dztwa \u0142\u00f3dzkiego.","canonical_url":"https:\/\/filiawieruszow.bpsieradz.pl\/","robots":"max-image-preview:large","keywords":"","webmasterTools":{"miscellaneous":""},"schema":{"@context":"https:\/\/schema.org","@graph":[{"@type":"BreadcrumbList","@id":"https:\/\/filiawieruszow.bpsieradz.pl\/#breadcrumblist","itemListElement":[{"@type":"ListItem","@id":"https:\/\/filiawieruszow.bpsieradz.pl#listItem","position":1,"name":"Home","item":"https:\/\/filiawieruszow.bpsieradz.pl","nextItem":{"@type":"ListItem","@id":"https:\/\/filiawieruszow.bpsieradz.pl\/#listItem","name":"BP Sieradz Filia Wierusz\u00f3w"}},{"@type":"ListItem","@id":"https:\/\/filiawieruszow.bpsieradz.pl\/#listItem","position":2,"name":"BP Sieradz Filia Wierusz\u00f3w","previousItem":{"@type":"ListItem","@id":"https:\/\/filiawieruszow.bpsieradz.pl#listItem","name":"Home"}}]},{"@type":"Organization","@id":"https:\/\/filiawieruszow.bpsieradz.pl\/#organization","name":"Biblioteka Pedagogiczna w Sieradzu Filia w Wieruszowie","url":"https:\/\/filiawieruszow.bpsieradz.pl\/","logo":{"@type":"ImageObject","url":"https:\/\/filiawieruszow.bpsieradz.pl\/wp-content\/uploads\/2025\/02\/CRE_lodzkie.jpg","@id":"https:\/\/filiawieruszow.bpsieradz.pl\/#organizationLogo","width":323,"height":50},"image":{"@id":"https:\/\/filiawieruszow.bpsieradz.pl\/#organizationLogo"}},{"@type":"Person","@id":"https:\/\/filiawieruszow.bpsieradz.pl\/index.php\/author\/admin\/#author","url":"https:\/\/filiawieruszow.bpsieradz.pl\/index.php\/author\/admin\/","name":"admin","image":{"@type":"ImageObject","@id":"https:\/\/filiawieruszow.bpsieradz.pl\/#authorImage","url":"https:\/\/secure.gravatar.com\/avatar\/7c9baecea61c950fa0ace417ade1d91ec20251533a476dc4eb52114bf5576b3a?s=96&d=mm&r=g","width":96,"height":96,"caption":"admin"}},{"@type":"WebPage","@id":"https:\/\/filiawieruszow.bpsieradz.pl\/#webpage","url":"https:\/\/filiawieruszow.bpsieradz.pl\/","name":"Biblioteka Pedagogiczna w Sieradzu Filia w Paj\u0119cznie","description":"Biblioteka Pedagogiczna w Paj\u0119cznie, cz\u0119\u015b\u0107 Centrum Rozwoju Edukacji Wojew\u00f3dztwa \u0141\u00f3dzkiego, oferuje bogate zasoby edukacyjne dla nauczycieli, uczni\u00f3w i pasjonat\u00f3w edukacji. Dowiedz si\u0119 wi\u0119cej o historii, ofercie i us\u0142ugach naszej plac\u00f3wki, kt\u00f3ra wspiera rozw\u00f3j edukacji w regionie \u0141asku i wojew\u00f3dztwa \u0142\u00f3dzkiego.","inLanguage":"pl-PL","isPartOf":{"@id":"https:\/\/filiawieruszow.bpsieradz.pl\/#website"},"breadcrumb":{"@id":"https:\/\/filiawieruszow.bpsieradz.pl\/#breadcrumblist"},"author":{"@id":"https:\/\/filiawieruszow.bpsieradz.pl\/index.php\/author\/admin\/#author"},"creator":{"@id":"https:\/\/filiawieruszow.bpsieradz.pl\/index.php\/author\/admin\/#author"},"datePublished":"2025-01-22T08:08:17+00:00","dateModified":"2026-01-07T10:09:27+00:00"},{"@type":"WebSite","@id":"https:\/\/filiawieruszow.bpsieradz.pl\/#website","url":"https:\/\/filiawieruszow.bpsieradz.pl\/","name":"Biblioteka Pedagogiczna w Sieradzu Filia w Wieruszowie","inLanguage":"pl-PL","publisher":{"@id":"https:\/\/filiawieruszow.bpsieradz.pl\/#organization"}}]},"og:locale":"pl_PL","og:site_name":"Biblioteka Pedagogiczna w Sieradzu Filia w Wieruszowie -","og:type":"website","og:title":"Biblioteka Pedagogiczna w Sieradzu Filia w Paj\u0119cznie","og:description":"Biblioteka Pedagogiczna w Paj\u0119cznie, cz\u0119\u015b\u0107 Centrum Rozwoju Edukacji Wojew\u00f3dztwa \u0141\u00f3dzkiego, oferuje bogate zasoby edukacyjne dla nauczycieli, uczni\u00f3w i pasjonat\u00f3w edukacji. Dowiedz si\u0119 wi\u0119cej o historii, ofercie i us\u0142ugach naszej plac\u00f3wki, kt\u00f3ra wspiera rozw\u00f3j edukacji w regionie \u0141asku i wojew\u00f3dztwa \u0142\u00f3dzkiego.","og:url":"https:\/\/filiawieruszow.bpsieradz.pl\/","og:image":"https:\/\/filiawieruszow.bpsieradz.pl\/wp-content\/uploads\/2025\/02\/CRE_lodzkie.jpg","og:image:secure_url":"https:\/\/filiawieruszow.bpsieradz.pl\/wp-content\/uploads\/2025\/02\/CRE_lodzkie.jpg","twitter:card":"summary_large_image","twitter:title":"Biblioteka Pedagogiczna w Sieradzu Filia w Paj\u0119cznie","twitter:description":"Biblioteka Pedagogiczna w Paj\u0119cznie, cz\u0119\u015b\u0107 Centrum Rozwoju Edukacji Wojew\u00f3dztwa \u0141\u00f3dzkiego, oferuje bogate zasoby edukacyjne dla nauczycieli, uczni\u00f3w i pasjonat\u00f3w edukacji. Dowiedz si\u0119 wi\u0119cej o historii, ofercie i us\u0142ugach naszej plac\u00f3wki, kt\u00f3ra wspiera rozw\u00f3j edukacji w regionie \u0141asku i wojew\u00f3dztwa \u0142\u00f3dzkiego.","twitter:image":"https:\/\/filiawieruszow.bpsieradz.pl\/wp-content\/uploads\/2025\/02\/CRE_lodzkie.jpg"},"aioseo_meta_data":{"post_id":"28","title":"Biblioteka Pedagogiczna w Sieradzu Filia w Paj\u0119cznie","description":"Biblioteka Pedagogiczna w Paj\u0119cznie, cz\u0119\u015b\u0107 Centrum Rozwoju Edukacji Wojew\u00f3dztwa \u0141\u00f3dzkiego, oferuje bogate zasoby edukacyjne dla nauczycieli, uczni\u00f3w i pasjonat\u00f3w edukacji. Dowiedz si\u0119 wi\u0119cej o historii, ofercie i us\u0142ugach naszej plac\u00f3wki, kt\u00f3ra wspiera rozw\u00f3j edukacji w regionie \u0141asku i wojew\u00f3dztwa \u0142\u00f3dzkiego.","keywords":null,"keyphrases":{"focus":{"keyphrase":"","score":0,"analysis":{"keyphraseInTitle":{"score":0,"maxScore":9,"error":1}}},"additional":[]},"primary_term":null,"canonical_url":null,"og_title":null,"og_description":null,"og_object_type":"website","og_image_type":"default","og_image_url":null,"og_image_width":null,"og_image_height":null,"og_image_custom_url":null,"og_image_custom_fields":null,"og_video":"","og_custom_url":null,"og_article_section":null,"og_article_tags":null,"twitter_use_og":false,"twitter_card":"default","twitter_image_type":"default","twitter_image_url":null,"twitter_image_custom_url":null,"twitter_image_custom_fields":null,"twitter_title":null,"twitter_description":null,"schema":{"blockGraphs":[],"customGraphs":[],"default":{"data":{"Article":[],"Course":[],"Dataset":[],"FAQPage":[],"Movie":[],"Person":[],"Product":[],"ProductReview":[],"Car":[],"Recipe":[],"Service":[],"SoftwareApplication":[],"WebPage":[]},"graphName":"WebPage","isEnabled":true},"graphs":[]},"schema_type":"default","schema_type_options":null,"pillar_content":false,"robots_default":true,"robots_noindex":false,"robots_noarchive":false,"robots_nosnippet":false,"robots_nofollow":false,"robots_noimageindex":false,"robots_noodp":false,"robots_notranslate":false,"robots_max_snippet":"-1","robots_max_videopreview":"-1","robots_max_imagepreview":"large","priority":null,"frequency":"default","local_seo":null,"breadcrumb_settings":null,"limit_modified_date":false,"ai":{"faqs":[],"keyPoints":[],"titles":[],"descriptions":[],"socialPosts":{"email":[],"linkedin":[],"twitter":[],"facebook":[],"instagram":[]}},"created":"2025-01-24 10:16:56","updated":"2026-01-07 10:14:44","seo_analyzer_scan_date":null},"aioseo_breadcrumb":"<div class=\"aioseo-breadcrumbs\"><span class=\"aioseo-breadcrumb\">\n\t\t\t<a href=\"https:\/\/filiawieruszow.bpsieradz.pl\" title=\"Home\">Home<\/a>\n\t\t<\/span><span class=\"aioseo-breadcrumb-separator\">&raquo;<\/span><span class=\"aioseo-breadcrumb\">\n\t\t\tBP Sieradz Filia Wierusz\u00f3w\n\t\t<\/span><\/div>","aioseo_breadcrumb_json":[{"label":"Home","link":"https:\/\/filiawieruszow.bpsieradz.pl"},{"label":"BP Sieradz Filia Wierusz\u00f3w","link":"https:\/\/filiawieruszow.bpsieradz.pl\/"}],"rttpg_featured_image_url":null,"rttpg_author":{"display_name":"admin","author_link":"https:\/\/filiawieruszow.bpsieradz.pl\/index.php\/author\/admin\/"},"rttpg_comment":0,"rttpg_category":"","rttpg_excerpt":"\u00a0 Aktualno\u015bci Powiatowy konkurs plastyczny dla klas I &#8211; III 10 grudnia, 2025 5 grudnia 2025 r. w Centrum Rozwoju Edukacji Wojew\u00f3dztwa \u0141\u00f3dzkiego w Sieradzu Biblioteka Pedagogiczna w Sieradzu Filia ...","_links":{"self":[{"href":"https:\/\/filiawieruszow.bpsieradz.pl\/index.php\/wp-json\/wp\/v2\/pages\/28","targetHints":{"allow":["GET"]}}],"collection":[{"href":"https:\/\/filiawieruszow.bpsieradz.pl\/index.php\/wp-json\/wp\/v2\/pages"}],"about":[{"href":"https:\/\/filiawieruszow.bpsieradz.pl\/index.php\/wp-json\/wp\/v2\/types\/page"}],"author":[{"embeddable":true,"href":"https:\/\/filiawieruszow.bpsieradz.pl\/index.php\/wp-json\/wp\/v2\/users\/1"}],"replies":[{"embeddable":true,"href":"https:\/\/filiawieruszow.bpsieradz.pl\/index.php\/wp-json\/wp\/v2\/comments?post=28"}],"version-history":[{"count":298,"href":"https:\/\/filiawieruszow.bpsieradz.pl\/index.php\/wp-json\/wp\/v2\/pages\/28\/revisions"}],"predecessor-version":[{"id":4101,"href":"https:\/\/filiawieruszow.bpsieradz.pl\/index.php\/wp-json\/wp\/v2\/pages\/28\/revisions\/4101"}],"wp:attachment":[{"href":"https:\/\/filiawieruszow.bpsieradz.pl\/index.php\/wp-json\/wp\/v2\/media?parent=28"}],"curies":[{"name":"wp","href":"https:\/\/api.w.org\/{rel}","templated":true}]}}